{"id":1919,"date":"2021-11-15T22:31:57","date_gmt":"2021-11-16T01:31:57","guid":{"rendered":"https:\/\/iesrodolfowalsh-cha.infd.edu.ar\/sitio\/?page_id=1919"},"modified":"2024-06-05T20:46:22","modified_gmt":"2024-06-05T23:46:22","slug":"actualizacion-superior-en-comunicacion-para-instituciones-educativas","status":"publish","type":"page","link":"https:\/\/iesrodolfowalsh-cha.infd.edu.ar\/sitio\/actualizacion-superior-en-comunicacion-para-instituciones-educativas\/","title":{"rendered":"ACTUALIZACION SUPERIOR EN COMUNICACION PARA INSTITUCIONES EDUCATIVAS"},"content":{"rendered":"\n<figure class=\"wp-block-image size-large\"><img decoding=\"async\" loading=\"lazy\" width=\"1400\" height=\"1043\" src=\"https:\/\/iesrodolfowalsh-cha.infd.edu.ar\/sitio\/wp-content\/uploads\/2021\/11\/ComunicacionCom2.jpg\" alt=\"\" class=\"wp-image-1916\" srcset=\"https:\/\/iesrodolfowalsh-cha.infd.edu.ar\/sitio\/wp-content\/uploads\/2021\/11\/ComunicacionCom2.jpg 1400w, https:\/\/iesrodolfowalsh-cha.infd.edu.ar\/sitio\/wp-content\/uploads\/2021\/11\/ComunicacionCom2-1000x745.jpg 1000w, https:\/\/iesrodolfowalsh-cha.infd.edu.ar\/sitio\/wp-content\/uploads\/2021\/11\/ComunicacionCom2-768x572.jpg 768w\" sizes=\"(max-width: 1400px) 100vw, 1400px\" \/><\/figure>\n\n\n\n<h1 class=\"wp-block-heading\"><em><strong>Segunda Comisi\u00f3n.<\/strong><\/em><\/h1>\n\n\n\n<h5 class=\"wp-block-heading\"><em>INSCRIPCI\u00d3N ABIERTA<br>Inicia 07\/14 de Diciembre<\/em><\/h5>\n\n\n\n<p>(Propuesta arancelada)<\/p>\n\n\n\n<p>Link de Inscripci\u00f3n: <a href=\"https:\/\/forms.gle\/HvLSEXEPBHGK8zDt6\">https:\/\/forms.gle\/HvLSEXEPBHGK8zDt6<\/a><\/p>\n\n\n\n<p><strong><u>Sobre el programa:<\/u><\/strong><\/p>\n\n\n\n<p>Esta propuesta de formaci\u00f3n tiene como objetivo brindar herramientas comunicacionales a directivos, docentes y no docentes de instituciones educativas, de todos los niveles y modalidades, que permitan optimizar la relaci\u00f3n con todos los sectores de la comunidad escolar, tambi\u00e9n logra llegar al p\u00fablico al que se necesita informar, e incluso seducir, acerca de las ventajas de la instituci\u00f3n.<\/p>\n\n\n\n<p><strong><u>Modalidad de Cursado:<\/u><\/strong><\/p>\n\n\n\n<p>Modalidades de dictado: Semipresencial con soporte virtual a distancia. Encuentros presenciales sincr\u00f3nicos a trav\u00e9s de Zoom y actividades asincr\u00f3nicas a trav\u00e9s de la Plataforma Institucional Educativa: <a href=\"https:\/\/iesrodolfowalsh-cha.infd.edu.ar\/\">https:\/\/iesrodolfowalsh-cha.infd.edu.ar\/<\/a><\/p>\n\n\n\n<p><strong><u>Dirigido a:<\/u><\/strong><\/p>\n\n\n\n<p>Docentes, directivos, secretarios y auxiliares de todos los Niveles y Modalidades del Sistema Educativo y del Subsistema Bibliotecario, que cuenten con t\u00edtulo de base y\/o certificaci\u00f3n de servicio con al menos un a\u00f1o de experiencia en la instituci\u00f3n educativa.<\/p>\n\n\n\n<hr class=\"wp-block-separator\"\/>\n\n\n\n<p><strong>PLAN DE ESTUDIO<\/strong><\/p>\n\n\n\n<p><strong>M\u00d3DULO 1: Introducci\u00f3n a la Comunicaci\u00f3n institucional<\/strong><\/p>\n\n\n\n<p>Objetivo: Reconocer la importancia de la comunicaci\u00f3n en instituciones educativas<\/p>\n\n\n\n<p>El rol de la comunicaci\u00f3n como recurso estrat\u00e9gico dentro de una instituci\u00f3n.<br>Tipos de comunicaci\u00f3n interna y externa y factores que intervienen. Elementos para la conformaci\u00f3n de una identidad institucional.<br>El establecimiento de v\u00ednculos con los diferentes grupos de inter\u00e9s.<\/p>\n\n\n\n<p>Producci\u00f3n: Conformaci\u00f3n de un diagn\u00f3stico comunicacional.<\/p>\n\n\n\n<p><strong>M\u00d3DULO 2: Comunicaci\u00f3n Institucional&nbsp;<\/strong><\/p>\n\n\n\n<p>Objetivo: Adquirir herramientas para la implementaci\u00f3n de un plan de comunicaci\u00f3n efectiva acorde a las necesidades de la instituci\u00f3n educativa.<\/p>\n\n\n\n<p>Pasos para la conformaci\u00f3n de un plan de comunicaci\u00f3n. Recursos para la acci\u00f3n comunicativa: piezas gr\u00e1ficas, p\u00e1gina web, blog, presencia en redes sociales.<\/p>\n\n\n\n<p>Producci\u00f3n: Conformaci\u00f3n de un plan de comunicaci\u00f3n institucional.<\/p>\n\n\n\n<p><strong>M\u00d3DULO 3: Comunicaci\u00f3n Persuasiva:<\/strong><\/p>\n\n\n\n<p>Objetivo: Reconocer los diferentes tipos de discursos persuasivos, funciones y t\u00e9cnicas de elaboraci\u00f3n.<\/p>\n\n\n\n<p>Relaciones P\u00fablicas. Publicidad y Propaganda. Promoci\u00f3n. Medios Publicitarios. Campa\u00f1as de Bien P\u00fablico.<\/p>\n\n\n\n<p><strong>M\u00d3DULO 4: Comunicaci\u00f3n en Contexto de Crisis:<\/strong><\/p>\n\n\n\n<p>Objetivo: Desarrollar capacidades para reconocer y resolver las situaciones de crisis que puedan darse dentro de la instituci\u00f3n.<\/p>\n\n\n\n<p>Definici\u00f3n y tipos de Crisis.&nbsp; Los factores de riesgo en las organizaciones, c\u00f3mo prepararse. La Comunicaci\u00f3n durante la crisis. Estrategia y organizaci\u00f3n, roles y funciones. Resoluci\u00f3n Pac\u00edfica de Conflictos.<\/p>\n\n\n\n<p><strong>M\u00d3DULO 5: Producci\u00f3n de discursos comunicacionales.<\/strong><\/p>\n\n\n\n<p>Objetivo: Apropiarse de la din\u00e1mica y de los diferentes recursos que hacen a una producci\u00f3n de discursos en sus diferentes formatos.<\/p>\n\n\n\n<p><strong>CLASE 1:<\/strong>&nbsp;Realizaci\u00f3n de una estrategia de contenidos. Redacci\u00f3n con estilo informativo y educativo. El kit visual de la instituci\u00f3n. Aplicaciones que se pueden utilizar para el desarrollo de piezas gr\u00e1ficas.<\/p>\n\n\n\n<p>Producci\u00f3n: Generaci\u00f3n de piezas gr\u00e1ficas informativas y\/o educativas.<\/p>\n\n\n\n<p><strong>CLASE 2:<\/strong> Lenguaje audiovisual. Guion. G\u00e9neros, micro formatos. Edici\u00f3n digital de video. Fotograf\u00eda. Banco de im\u00e1genes\/registro.<\/p>\n\n\n\n<p>Producci\u00f3n: Realizaci\u00f3n de un audiovisual informativo y\/o educativo.<\/p>\n\n\n\n<p><strong>Requisitos de admisi\u00f3n:<\/strong><\/p>\n\n\n\n<p>Los aspirantes a ingresar al post\u00edtulo deber\u00e1n presentar en formato papel a la autoridad educativa institucional la documentaci\u00f3n respaldatoria:<\/p>\n\n\n\n<p>-Fotocopia de DNI.<\/p>\n\n\n\n<p>-T\u00edtulo docente o profesional\/Constancia de inscripci\u00f3n.<\/p>\n\n\n\n<p>Link de Inscripci\u00f3n: <a href=\"https:\/\/forms.gle\/HvLSEXEPBHGK8zDt6\">https:\/\/forms.gle\/HvLSEXEPBHGK8zDt6<\/a><\/p>\n","protected":false},"excerpt":{"rendered":"<p>Segunda Comisi\u00f3n. INSCRIPCI\u00d3N ABIERTAInicia 07\/14 de Diciembre (Propuesta arancelada) Link de Inscripci\u00f3n: https:\/\/forms.gle\/HvLSEXEPBHGK8zDt6 Sobre el programa: Esta propuesta de formaci\u00f3n tiene como objetivo brindar herramientas comunicacionales a directivos, docentes y no docentes de instituciones educativas, de todos los niveles y modalidades, que permitan optimizar la relaci\u00f3n con todos los sectores de la comunidad escolar, tambi\u00e9n &#8230; <a title=\"ACTUALIZACION SUPERIOR EN COMUNICACION PARA INSTITUCIONES EDUCATIVAS\" class=\"read-more\" href=\"https:\/\/iesrodolfowalsh-cha.infd.edu.ar\/sitio\/actualizacion-superior-en-comunicacion-para-instituciones-educativas\/\" aria-label=\"More on ACTUALIZACION SUPERIOR EN COMUNICACION PARA INSTITUCIONES EDUCATIVAS\">[+]<\/a><\/p>\n","protected":false},"author":7178,"featured_media":0,"parent":0,"menu_order":0,"comment_status":"closed","ping_status":"closed","template":"","meta":[],"acf":[],"_links":{"self":[{"href":"https:\/\/iesrodolfowalsh-cha.infd.edu.ar\/sitio\/wp-json\/wp\/v2\/pages\/1919"}],"collection":[{"href":"https:\/\/iesrodolfowalsh-cha.infd.edu.ar\/sitio\/wp-json\/wp\/v2\/pages"}],"about":[{"href":"https:\/\/iesrodolfowalsh-cha.infd.edu.ar\/sitio\/wp-json\/wp\/v2\/types\/page"}],"author":[{"embeddable":true,"href":"https:\/\/iesrodolfowalsh-cha.infd.edu.ar\/sitio\/wp-json\/wp\/v2\/users\/7178"}],"replies":[{"embeddable":true,"href":"https:\/\/iesrodolfowalsh-cha.infd.edu.ar\/sitio\/wp-json\/wp\/v2\/comments?post=1919"}],"version-history":[{"count":3,"href":"https:\/\/iesrodolfowalsh-cha.infd.edu.ar\/sitio\/wp-json\/wp\/v2\/pages\/1919\/revisions"}],"predecessor-version":[{"id":1977,"href":"https:\/\/iesrodolfowalsh-cha.infd.edu.ar\/sitio\/wp-json\/wp\/v2\/pages\/1919\/revisions\/1977"}],"wp:attachment":[{"href":"https:\/\/iesrodolfowalsh-cha.infd.edu.ar\/sitio\/wp-json\/wp\/v2\/media?parent=1919"}],"curies":[{"name":"wp","href":"https:\/\/api.w.org\/{rel}","templated":true}]}}